{"id":1081,"date":"2019-10-12T12:47:48","date_gmt":"2019-10-12T10:47:48","guid":{"rendered":"http:\/\/electro-seb.fr\/?page_id=1081"},"modified":"2019-10-23T17:12:09","modified_gmt":"2019-10-23T15:12:09","slug":"laves-linges-frontaux","status":"publish","type":"page","link":"https:\/\/electro-seb.fr\/index.php\/laves-linges-frontaux\/","title":{"rendered":"Lave-linge Frontal"},"content":{"rendered":"\t\t<div data-elementor-type=\"wp-page\" data-elementor-id=\"1081\" class=\"elementor elementor-1081\" data-elementor-settings=\"[]\">\n\t\t\t\t\t\t<div class=\"elementor-inner\">\n\t\t\t\t\t\t\t<div class=\"elementor-section-wrap\">\n\t\t\t\t\t\t\t<section class=\"elementor-section elementor-top-section elementor-element elementor-element-cdeb286 elementor-section-boxed elementor-section-height-default elementor-section-height-default\" data-id=\"cdeb286\" data-element_type=\"section\">\n\t\t\t\t\t\t<div class=\"elementor-container elementor-column-gap-default\">\n\t\t\t\t\t\t\t<div class=\"elementor-row\">\n\t\t\t\t\t<div class=\"elementor-column elementor-col-100 elementor-top-column elementor-element elementor-element-ff01be9\" data-id=\"ff01be9\" data-element_type=\"column\">\n\t\t\t<div class=\"elementor-column-wrap elementor-element-populated\">\n\t\t\t\t\t\t\t<div class=\"elementor-widget-wrap\">\n\t\t\t\t\t\t<div class=\"elementor-element elementor-element-99af575 elementor-widget-divider--view-line elementor-widget elementor-widget-divider\" data-id=\"99af575\" data-element_type=\"widget\" data-widget_type=\"divider.default\">\n\t\t\t\t<div class=\"elementor-widget-container\">\n\t\t\t\t\t<div class=\"elementor-divider\">\n\t\t\t<span class=\"elementor-divider-separator\">\n\t\t\t\t\t\t<\/span>\n\t\t<\/div>\n\t\t\t\t<\/div>\n\t\t\t\t<\/div>\n\t\t\t\t\t\t<\/div>\n\t\t\t\t\t<\/div>\n\t\t<\/div>\n\t\t\t\t\t\t\t\t<\/div>\n\t\t\t\t\t<\/div>\n\t\t<\/section>\n\t\t\t\t<section class=\"elementor-section elementor-top-section elementor-element elementor-element-06cdfc6 elementor-section-boxed elementor-section-height-default elementor-section-height-default\" data-id=\"06cdfc6\" data-element_type=\"section\">\n\t\t\t\t\t\t<div class=\"elementor-container elementor-column-gap-default\">\n\t\t\t\t\t\t\t<div class=\"elementor-row\">\n\t\t\t\t\t<div class=\"elementor-column elementor-col-100 elementor-top-column elementor-element elementor-element-e42c981\" data-id=\"e42c981\" data-element_type=\"column\">\n\t\t\t<div class=\"elementor-column-wrap elementor-element-populated\">\n\t\t\t\t\t\t\t<div class=\"elementor-widget-wrap\">\n\t\t\t\t\t\t<div class=\"elementor-element elementor-element-219e338 elementor-widget elementor-widget-heading\" data-id=\"219e338\" data-element_type=\"widget\" data-widget_type=\"heading.default\">\n\t\t\t\t<div class=\"elementor-widget-container\">\n\t\t\t<h2 class=\"elementor-heading-title elementor-size-xl\">Lave-linge frontal<\/h2>\t\t<\/div>\n\t\t\t\t<\/div>\n\t\t\t\t\t\t<\/div>\n\t\t\t\t\t<\/div>\n\t\t<\/div>\n\t\t\t\t\t\t\t\t<\/div>\n\t\t\t\t\t<\/div>\n\t\t<\/section>\n\t\t\t\t<section class=\"elementor-section elementor-top-section elementor-element elementor-element-17dcf8b elementor-section-boxed elementor-section-height-default elementor-section-height-default\" data-id=\"17dcf8b\" data-element_type=\"section\">\n\t\t\t\t\t\t<div class=\"elementor-container elementor-column-gap-default\">\n\t\t\t\t\t\t\t<div class=\"elementor-row\">\n\t\t\t\t\t<div class=\"elementor-column elementor-col-25 elementor-top-column elementor-element elementor-element-fd03174\" data-id=\"fd03174\" data-element_type=\"column\">\n\t\t\t<div class=\"elementor-column-wrap elementor-element-populated\">\n\t\t\t\t\t\t\t<div class=\"elementor-widget-wrap\">\n\t\t\t\t\t\t<div class=\"elementor-element elementor-element-25038ef elementor-widget elementor-widget-image\" data-id=\"25038ef\" data-element_type=\"widget\" data-widget_type=\"image.default\">\n\t\t\t\t<div class=\"elementor-widget-container\">\n\t\t\t\t\t\t\t\t<div class=\"elementor-image\">\n\t\t\t\t\t\t\t\t\t<figure class=\"wp-caption\">\n\t\t\t\t\t\t\t\t\t\t<img loading=\"lazy\" decoding=\"async\" width=\"600\" height=\"1066\" src=\"https:\/\/electro-seb.fr\/wp-content\/uploads\/2019\/10\/lave-linge-frontal-ELECTROLUX-EWF1483BB-600pxtransparent.png\" class=\"attachment-medium_large size-medium_large\" alt=\"\" srcset=\"https:\/\/electro-seb.fr\/wp-content\/uploads\/2019\/10\/lave-linge-frontal-ELECTROLUX-EWF1483BB-600pxtransparent.png 600w, https:\/\/electro-seb.fr\/wp-content\/uploads\/2019\/10\/lave-linge-frontal-ELECTROLUX-EWF1483BB-600pxtransparent-169x300.png 169w, https:\/\/electro-seb.fr\/wp-content\/uploads\/2019\/10\/lave-linge-frontal-ELECTROLUX-EWF1483BB-600pxtransparent-576x1024.png 576w\" sizes=\"auto, (max-width: 600px) 100vw, 600px\" \/>\t\t\t\t\t\t\t\t\t\t\t<figcaption class=\"widget-image-caption wp-caption-text\">Lave-linge frontal de marque ELECTROLUX avec sa notice<br>Mod\u00e8le: EXF1483BB<br>Capacit\u00e9: 8kg<br>1400 tr\/min<br>Affichage temps restant<br>Programme rapide<br>D\u00e9part diff\u00e8r\u00e9<br>Prix: 280 euros<\/figcaption>\n\t\t\t\t\t\t\t\t\t\t<\/figure>\n\t\t\t\t\t\t\t\t<\/div>\n\t\t\t\t\t\t<\/div>\n\t\t\t\t<\/div>\n\t\t\t\t\t\t<\/div>\n\t\t\t\t\t<\/div>\n\t\t<\/div>\n\t\t\t\t<div class=\"elementor-column elementor-col-25 elementor-top-column elementor-element elementor-element-984cea6\" data-id=\"984cea6\" data-element_type=\"column\">\n\t\t\t<div class=\"elementor-column-wrap elementor-element-populated\">\n\t\t\t\t\t\t\t<div class=\"elementor-widget-wrap\">\n\t\t\t\t\t\t<div class=\"elementor-element elementor-element-31e2dc0 elementor-widget elementor-widget-image\" data-id=\"31e2dc0\" data-element_type=\"widget\" data-widget_type=\"image.default\">\n\t\t\t\t<div class=\"elementor-widget-container\">\n\t\t\t\t\t\t\t\t<div class=\"elementor-image\">\n\t\t\t\t\t\t\t\t\t<figure class=\"wp-caption\">\n\t\t\t\t\t\t\t\t\t\t<img loading=\"lazy\" decoding=\"async\" width=\"600\" height=\"1066\" src=\"https:\/\/electro-seb.fr\/wp-content\/uploads\/2019\/10\/lave-linge-frontal-LG-WD14401TD-600pxtransparent.png\" class=\"attachment-medium_large size-medium_large\" alt=\"\" srcset=\"https:\/\/electro-seb.fr\/wp-content\/uploads\/2019\/10\/lave-linge-frontal-LG-WD14401TD-600pxtransparent.png 600w, https:\/\/electro-seb.fr\/wp-content\/uploads\/2019\/10\/lave-linge-frontal-LG-WD14401TD-600pxtransparent-169x300.png 169w, https:\/\/electro-seb.fr\/wp-content\/uploads\/2019\/10\/lave-linge-frontal-LG-WD14401TD-600pxtransparent-576x1024.png 576w\" sizes=\"auto, (max-width: 600px) 100vw, 600px\" \/>\t\t\t\t\t\t\t\t\t\t\t<figcaption class=\"widget-image-caption wp-caption-text\">Lave-linge frontal de marque LG<br>Mod\u00e8le: WD-14401TD<br>Capacit\u00e9: 7kg<br>1400 tr\/min<br>Affichage temps restant<br>Programme rapide<br>D\u00e9part diff\u00e8r\u00e9<br>Prix: 250 euros<\/figcaption>\n\t\t\t\t\t\t\t\t\t\t<\/figure>\n\t\t\t\t\t\t\t\t<\/div>\n\t\t\t\t\t\t<\/div>\n\t\t\t\t<\/div>\n\t\t\t\t\t\t<\/div>\n\t\t\t\t\t<\/div>\n\t\t<\/div>\n\t\t\t\t<div class=\"elementor-column elementor-col-25 elementor-top-column elementor-element elementor-element-06d08cc\" data-id=\"06d08cc\" data-element_type=\"column\">\n\t\t\t<div class=\"elementor-column-wrap elementor-element-populated\">\n\t\t\t\t\t\t\t<div class=\"elementor-widget-wrap\">\n\t\t\t\t\t\t<div class=\"elementor-element elementor-element-e23e63e elementor-widget elementor-widget-image\" data-id=\"e23e63e\" data-element_type=\"widget\" data-widget_type=\"image.default\">\n\t\t\t\t<div class=\"elementor-widget-container\">\n\t\t\t\t\t\t\t\t<div class=\"elementor-image\">\n\t\t\t\t\t\t\t\t\t<figure class=\"wp-caption\">\n\t\t\t\t\t\t\t\t\t\t<img loading=\"lazy\" decoding=\"async\" width=\"600\" height=\"1066\" src=\"https:\/\/electro-seb.fr\/wp-content\/uploads\/2019\/10\/lave-linge-frontal-BEKO-WMB81220MS-600pxtransparent.png\" class=\"attachment-medium_large size-medium_large\" alt=\"\" srcset=\"https:\/\/electro-seb.fr\/wp-content\/uploads\/2019\/10\/lave-linge-frontal-BEKO-WMB81220MS-600pxtransparent.png 600w, https:\/\/electro-seb.fr\/wp-content\/uploads\/2019\/10\/lave-linge-frontal-BEKO-WMB81220MS-600pxtransparent-169x300.png 169w, https:\/\/electro-seb.fr\/wp-content\/uploads\/2019\/10\/lave-linge-frontal-BEKO-WMB81220MS-600pxtransparent-576x1024.png 576w\" sizes=\"auto, (max-width: 600px) 100vw, 600px\" \/>\t\t\t\t\t\t\t\t\t\t\t<figcaption class=\"widget-image-caption wp-caption-text\">Lave-linge frontal de marque BEKO<br>Mod\u00e8le: WMB81220MS<br>Capacit\u00e9: 8kg<br>1200 tr\/min<br>Programme rapide<br>D\u00e9part diff\u00e8r\u00e9: 3h\/6h\/9h<br>Prix: 250 euros<\/figcaption>\n\t\t\t\t\t\t\t\t\t\t<\/figure>\n\t\t\t\t\t\t\t\t<\/div>\n\t\t\t\t\t\t<\/div>\n\t\t\t\t<\/div>\n\t\t\t\t\t\t<\/div>\n\t\t\t\t\t<\/div>\n\t\t<\/div>\n\t\t\t\t<div class=\"elementor-column elementor-col-25 elementor-top-column elementor-element elementor-element-4f46a9a\" data-id=\"4f46a9a\" data-element_type=\"column\">\n\t\t\t<div class=\"elementor-column-wrap elementor-element-populated\">\n\t\t\t\t\t\t\t<div class=\"elementor-widget-wrap\">\n\t\t\t\t\t\t<div class=\"elementor-element elementor-element-72211d4 elementor-widget elementor-widget-image\" data-id=\"72211d4\" data-element_type=\"widget\" data-widget_type=\"image.default\">\n\t\t\t\t<div class=\"elementor-widget-container\">\n\t\t\t\t\t\t\t\t<div class=\"elementor-image\">\n\t\t\t\t\t\t\t\t\t<figure class=\"wp-caption\">\n\t\t\t\t\t\t\t\t\t\t<img loading=\"lazy\" decoding=\"async\" width=\"600\" height=\"1066\" src=\"https:\/\/electro-seb.fr\/wp-content\/uploads\/2019\/10\/lavante-s\u00e8chante-frontal-INDESIT-WIDL126EX-1600pxtransparent.png\" class=\"attachment-medium_large size-medium_large\" alt=\"\" srcset=\"https:\/\/electro-seb.fr\/wp-content\/uploads\/2019\/10\/lavante-s\u00e8chante-frontal-INDESIT-WIDL126EX-1600pxtransparent.png 600w, https:\/\/electro-seb.fr\/wp-content\/uploads\/2019\/10\/lavante-s\u00e8chante-frontal-INDESIT-WIDL126EX-1600pxtransparent-169x300.png 169w, https:\/\/electro-seb.fr\/wp-content\/uploads\/2019\/10\/lavante-s\u00e8chante-frontal-INDESIT-WIDL126EX-1600pxtransparent-576x1024.png 576w\" sizes=\"auto, (max-width: 600px) 100vw, 600px\" \/>\t\t\t\t\t\t\t\t\t\t\t<figcaption class=\"widget-image-caption wp-caption-text\">Lavante-s\u00e8chante frontal de marque INDESIT<br>Mod\u00e8le: WIDL126EX<br>Capacit\u00e9: 6kg en lavage et 4kg en s\u00e9chage<br>1200 tr\/min<br>Programme rapide<br>D\u00e9part diff\u00e8r\u00e9: 2h\/4h\/6h\/9h<br>Prix: 150 euros<\/figcaption>\n\t\t\t\t\t\t\t\t\t\t<\/figure>\n\t\t\t\t\t\t\t\t<\/div>\n\t\t\t\t\t\t<\/div>\n\t\t\t\t<\/div>\n\t\t\t\t\t\t<\/div>\n\t\t\t\t\t<\/div>\n\t\t<\/div>\n\t\t\t\t\t\t\t\t<\/div>\n\t\t\t\t\t<\/div>\n\t\t<\/section>\n\t\t\t\t<section class=\"elementor-section elementor-top-section elementor-element elementor-element-cb777d7 elementor-section-boxed elementor-section-height-default elementor-section-height-default\" data-id=\"cb777d7\" data-element_type=\"section\">\n\t\t\t\t\t\t<div class=\"elementor-container elementor-column-gap-default\">\n\t\t\t\t\t\t\t<div class=\"elementor-row\">\n\t\t\t\t\t<div class=\"elementor-column elementor-col-100 elementor-top-column elementor-element elementor-element-3e9626e\" data-id=\"3e9626e\" data-element_type=\"column\">\n\t\t\t<div class=\"elementor-column-wrap elementor-element-populated\">\n\t\t\t\t\t\t\t<div class=\"elementor-widget-wrap\">\n\t\t\t\t\t\t<div class=\"elementor-element elementor-element-eaded23 elementor-widget elementor-widget-text-editor\" data-id=\"eaded23\" data-element_type=\"widget\" data-widget_type=\"text-editor.default\">\n\t\t\t\t<div class=\"elementor-widget-container\">\n\t\t\t\t\t\t\t\t<div class=\"elementor-text-editor elementor-clearfix\">\n\t\t\t\t<p style=\"text-align: center;\">D&rsquo;autres mod\u00e8les disponibles.<\/p>\t\t\t\t\t<\/div>\n\t\t\t\t\t\t<\/div>\n\t\t\t\t<\/div>\n\t\t\t\t\t\t<\/div>\n\t\t\t\t\t<\/div>\n\t\t<\/div>\n\t\t\t\t\t\t\t\t<\/div>\n\t\t\t\t\t<\/div>\n\t\t<\/section>\n\t\t\t\t<section class=\"elementor-section elementor-top-section elementor-element elementor-element-cb09351 elementor-section-boxed elementor-section-height-default elementor-section-height-default\" data-id=\"cb09351\" data-element_type=\"section\">\n\t\t\t\t\t\t<div class=\"elementor-container elementor-column-gap-default\">\n\t\t\t\t\t\t\t<div class=\"elementor-row\">\n\t\t\t\t\t<div class=\"elementor-column elementor-col-100 elementor-top-column elementor-element elementor-element-383cf71\" data-id=\"383cf71\" data-element_type=\"column\">\n\t\t\t<div class=\"elementor-column-wrap elementor-element-populated\">\n\t\t\t\t\t\t\t<div class=\"elementor-widget-wrap\">\n\t\t\t\t\t\t<div class=\"elementor-element elementor-element-d132344 elementor-widget elementor-widget-text-editor\" data-id=\"d132344\" data-element_type=\"widget\" data-widget_type=\"text-editor.default\">\n\t\t\t\t<div class=\"elementor-widget-container\">\n\t\t\t\t\t\t\t\t<div class=\"elementor-text-editor elementor-clearfix\">\n\t\t\t\t<p style=\"text-align: center;\">Pour tout achat, un service de livraison dans les environs est possible: tarif variable en fonction de la distance.<\/p>\t\t\t\t\t<\/div>\n\t\t\t\t\t\t<\/div>\n\t\t\t\t<\/div>\n\t\t\t\t\t\t<\/div>\n\t\t\t\t\t<\/div>\n\t\t<\/div>\n\t\t\t\t\t\t\t\t<\/div>\n\t\t\t\t\t<\/div>\n\t\t<\/section>\n\t\t\t\t\t\t<\/div>\n\t\t\t\t\t\t<\/div>\n\t\t\t\t\t<\/div>\n\t\t","protected":false},"excerpt":{"rendered":"<p>Lave-linge frontal Lave-linge frontal de marque ELECTROLUX avec sa noticeMod\u00e8le: EXF1483BBCapacit\u00e9: 8kg1400 tr\/minAffichage temps restantProgramme rapideD\u00e9part diff\u00e8r\u00e9Prix: 280 euros Lave-linge frontal de marque LGMod\u00e8le: WD-14401TDCapacit\u00e9: 7kg1400 tr\/minAffichage temps restantProgramme rapideD\u00e9part diff\u00e8r\u00e9Prix: 250 euros Lave-linge frontal de marque BEKOMod\u00e8le: WMB81220MSCapacit\u00e9: 8kg1200 tr\/minProgramme rapideD\u00e9part diff\u00e8r\u00e9: 3h\/6h\/9hPrix: 250 euros Lavante-s\u00e8chante frontal de marque INDESITMod\u00e8le: WIDL126EXCapacit\u00e9: 6kg en lavage &hellip;<\/p>\n<p class=\"read-more\"> <a class=\"\" href=\"https:\/\/electro-seb.fr\/index.php\/laves-linges-frontaux\/\"> <span class=\"screen-reader-text\">Lave-linge Frontal<\/span> Lire la suite\u00a0\u00bb<\/a><\/p>\n","protected":false},"author":1,"featured_media":0,"parent":0,"menu_order":0,"comment_status":"closed","ping_status":"closed","template":"","meta":{"sfsi_plus_gutenberg_text_before_share":"","sfsi_plus_gutenberg_show_text_before_share":"","sfsi_plus_gutenberg_icon_type":"","sfsi_plus_gutenberg_icon_alignemt":"","sfsi_plus_gutenburg_max_per_row":"","site-sidebar-layout":"no-sidebar","site-content-layout":"page-builder","ast-main-header-display":"","ast-hfb-above-header-display":"","ast-hfb-below-header-display":"","ast-hfb-mobile-header-display":"","site-post-title":"disabled","ast-breadcrumbs-content":"","ast-featured-img":"disabled","footer-sml-layout":"","theme-transparent-header-meta":"default","adv-header-id-meta":"","stick-header-meta":"","header-above-stick-meta":"","header-main-stick-meta":"","header-below-stick-meta":"","footnotes":""},"class_list":["post-1081","page","type-page","status-publish","hentry"],"yoast_head":"<!-- This site is optimized with the Yoast SEO plugin v24.9 - https:\/\/yoast.com\/wordpress\/plugins\/seo\/ -->\n<title>Lave-linge Frontal - Electro SEB<\/title>\n<meta name=\"robots\" content=\"index, follow, max-snippet:-1, max-image-preview:large, max-video-preview:-1\" \/>\n<link rel=\"canonical\" href=\"https:\/\/electro-seb.fr\/index.php\/laves-linges-frontaux\/\" \/>\n<meta property=\"og:locale\" content=\"fr_FR\" \/>\n<meta property=\"og:type\" content=\"article\" \/>\n<meta property=\"og:title\" content=\"Lave-linge Frontal - Electro SEB\" \/>\n<meta property=\"og:description\" content=\"Lave-linge frontal Lave-linge frontal de marque ELECTROLUX avec sa noticeMod\u00e8le: EXF1483BBCapacit\u00e9: 8kg1400 tr\/minAffichage temps restantProgramme rapideD\u00e9part diff\u00e8r\u00e9Prix: 280 euros Lave-linge frontal de marque LGMod\u00e8le: WD-14401TDCapacit\u00e9: 7kg1400 tr\/minAffichage temps restantProgramme rapideD\u00e9part diff\u00e8r\u00e9Prix: 250 euros Lave-linge frontal de marque BEKOMod\u00e8le: WMB81220MSCapacit\u00e9: 8kg1200 tr\/minProgramme rapideD\u00e9part diff\u00e8r\u00e9: 3h\/6h\/9hPrix: 250 euros Lavante-s\u00e8chante frontal de marque INDESITMod\u00e8le: WIDL126EXCapacit\u00e9: 6kg en lavage &hellip; Lave-linge Frontal Lire la suite\u00a0\u00bb\" \/>\n<meta property=\"og:url\" content=\"https:\/\/electro-seb.fr\/index.php\/laves-linges-frontaux\/\" \/>\n<meta property=\"og:site_name\" content=\"Electro SEB\" \/>\n<meta property=\"article:publisher\" content=\"https:\/\/www.facebook.com\/SebAbitbol\/\" \/>\n<meta property=\"article:modified_time\" content=\"2019-10-23T15:12:09+00:00\" \/>\n<meta property=\"og:image\" content=\"https:\/\/electro-seb.fr\/wp-content\/uploads\/2019\/10\/lave-linge-frontal-ELECTROLUX-EWF1483BB-600pxtransparent.png\" \/>\n<meta name=\"twitter:card\" content=\"summary_large_image\" \/>\n<meta name=\"twitter:label1\" content=\"Dur\u00e9e de lecture estim\u00e9e\" \/>\n\t<meta name=\"twitter:data1\" content=\"1 minute\" \/>\n<script type=\"application\/ld+json\" class=\"yoast-schema-graph\">{\"@context\":\"https:\/\/schema.org\",\"@graph\":[{\"@type\":\"WebPage\",\"@id\":\"https:\/\/electro-seb.fr\/index.php\/laves-linges-frontaux\/\",\"url\":\"https:\/\/electro-seb.fr\/index.php\/laves-linges-frontaux\/\",\"name\":\"Lave-linge Frontal - Electro SEB\",\"isPartOf\":{\"@id\":\"https:\/\/electro-seb.fr\/#website\"},\"primaryImageOfPage\":{\"@id\":\"https:\/\/electro-seb.fr\/index.php\/laves-linges-frontaux\/#primaryimage\"},\"image\":{\"@id\":\"https:\/\/electro-seb.fr\/index.php\/laves-linges-frontaux\/#primaryimage\"},\"thumbnailUrl\":\"https:\/\/electro-seb.fr\/wp-content\/uploads\/2019\/10\/lave-linge-frontal-ELECTROLUX-EWF1483BB-600pxtransparent.png\",\"datePublished\":\"2019-10-12T10:47:48+00:00\",\"dateModified\":\"2019-10-23T15:12:09+00:00\",\"breadcrumb\":{\"@id\":\"https:\/\/electro-seb.fr\/index.php\/laves-linges-frontaux\/#breadcrumb\"},\"inLanguage\":\"fr-FR\",\"potentialAction\":[{\"@type\":\"ReadAction\",\"target\":[\"https:\/\/electro-seb.fr\/index.php\/laves-linges-frontaux\/\"]}]},{\"@type\":\"ImageObject\",\"inLanguage\":\"fr-FR\",\"@id\":\"https:\/\/electro-seb.fr\/index.php\/laves-linges-frontaux\/#primaryimage\",\"url\":\"https:\/\/electro-seb.fr\/wp-content\/uploads\/2019\/10\/lave-linge-frontal-ELECTROLUX-EWF1483BB-600pxtransparent.png\",\"contentUrl\":\"https:\/\/electro-seb.fr\/wp-content\/uploads\/2019\/10\/lave-linge-frontal-ELECTROLUX-EWF1483BB-600pxtransparent.png\",\"width\":600,\"height\":1066},{\"@type\":\"BreadcrumbList\",\"@id\":\"https:\/\/electro-seb.fr\/index.php\/laves-linges-frontaux\/#breadcrumb\",\"itemListElement\":[{\"@type\":\"ListItem\",\"position\":1,\"name\":\"Accueil\",\"item\":\"https:\/\/electro-seb.fr\/\"},{\"@type\":\"ListItem\",\"position\":2,\"name\":\"Lave-linge Frontal\"}]},{\"@type\":\"WebSite\",\"@id\":\"https:\/\/electro-seb.fr\/#website\",\"url\":\"https:\/\/electro-seb.fr\/\",\"name\":\"Electro SEB\",\"description\":\"Un site cr\u00e9er par S\u00e9bastien Abitbol\",\"publisher\":{\"@id\":\"https:\/\/electro-seb.fr\/#organization\"},\"potentialAction\":[{\"@type\":\"SearchAction\",\"target\":{\"@type\":\"EntryPoint\",\"urlTemplate\":\"https:\/\/electro-seb.fr\/?s={search_term_string}\"},\"query-input\":{\"@type\":\"PropertyValueSpecification\",\"valueRequired\":true,\"valueName\":\"search_term_string\"}}],\"inLanguage\":\"fr-FR\"},{\"@type\":\"Organization\",\"@id\":\"https:\/\/electro-seb.fr\/#organization\",\"name\":\"Electro SEB\",\"url\":\"https:\/\/electro-seb.fr\/\",\"logo\":{\"@type\":\"ImageObject\",\"inLanguage\":\"fr-FR\",\"@id\":\"https:\/\/electro-seb.fr\/#\/schema\/logo\/image\/\",\"url\":\"https:\/\/electro-seb.fr\/wp-content\/uploads\/2019\/10\/cropped-ELECTRO-SEB-LOGO-MODIFIER-OK1-1.png\",\"contentUrl\":\"https:\/\/electro-seb.fr\/wp-content\/uploads\/2019\/10\/cropped-ELECTRO-SEB-LOGO-MODIFIER-OK1-1.png\",\"width\":500,\"height\":400,\"caption\":\"Electro SEB\"},\"image\":{\"@id\":\"https:\/\/electro-seb.fr\/#\/schema\/logo\/image\/\"},\"sameAs\":[\"https:\/\/www.facebook.com\/SebAbitbol\/\"]}]}<\/script>\n<!-- \/ Yoast SEO plugin. -->","yoast_head_json":{"title":"Lave-linge Frontal - Electro SEB","robots":{"index":"index","follow":"follow","max-snippet":"max-snippet:-1","max-image-preview":"max-image-preview:large","max-video-preview":"max-video-preview:-1"},"canonical":"https:\/\/electro-seb.fr\/index.php\/laves-linges-frontaux\/","og_locale":"fr_FR","og_type":"article","og_title":"Lave-linge Frontal - Electro SEB","og_description":"Lave-linge frontal Lave-linge frontal de marque ELECTROLUX avec sa noticeMod\u00e8le: EXF1483BBCapacit\u00e9: 8kg1400 tr\/minAffichage temps restantProgramme rapideD\u00e9part diff\u00e8r\u00e9Prix: 280 euros Lave-linge frontal de marque LGMod\u00e8le: WD-14401TDCapacit\u00e9: 7kg1400 tr\/minAffichage temps restantProgramme rapideD\u00e9part diff\u00e8r\u00e9Prix: 250 euros Lave-linge frontal de marque BEKOMod\u00e8le: WMB81220MSCapacit\u00e9: 8kg1200 tr\/minProgramme rapideD\u00e9part diff\u00e8r\u00e9: 3h\/6h\/9hPrix: 250 euros Lavante-s\u00e8chante frontal de marque INDESITMod\u00e8le: WIDL126EXCapacit\u00e9: 6kg en lavage &hellip; Lave-linge Frontal Lire la suite\u00a0\u00bb","og_url":"https:\/\/electro-seb.fr\/index.php\/laves-linges-frontaux\/","og_site_name":"Electro SEB","article_publisher":"https:\/\/www.facebook.com\/SebAbitbol\/","article_modified_time":"2019-10-23T15:12:09+00:00","og_image":[{"url":"https:\/\/electro-seb.fr\/wp-content\/uploads\/2019\/10\/lave-linge-frontal-ELECTROLUX-EWF1483BB-600pxtransparent.png","type":"","width":"","height":""}],"twitter_card":"summary_large_image","twitter_misc":{"Dur\u00e9e de lecture estim\u00e9e":"1 minute"},"schema":{"@context":"https:\/\/schema.org","@graph":[{"@type":"WebPage","@id":"https:\/\/electro-seb.fr\/index.php\/laves-linges-frontaux\/","url":"https:\/\/electro-seb.fr\/index.php\/laves-linges-frontaux\/","name":"Lave-linge Frontal - Electro SEB","isPartOf":{"@id":"https:\/\/electro-seb.fr\/#website"},"primaryImageOfPage":{"@id":"https:\/\/electro-seb.fr\/index.php\/laves-linges-frontaux\/#primaryimage"},"image":{"@id":"https:\/\/electro-seb.fr\/index.php\/laves-linges-frontaux\/#primaryimage"},"thumbnailUrl":"https:\/\/electro-seb.fr\/wp-content\/uploads\/2019\/10\/lave-linge-frontal-ELECTROLUX-EWF1483BB-600pxtransparent.png","datePublished":"2019-10-12T10:47:48+00:00","dateModified":"2019-10-23T15:12:09+00:00","breadcrumb":{"@id":"https:\/\/electro-seb.fr\/index.php\/laves-linges-frontaux\/#breadcrumb"},"inLanguage":"fr-FR","potentialAction":[{"@type":"ReadAction","target":["https:\/\/electro-seb.fr\/index.php\/laves-linges-frontaux\/"]}]},{"@type":"ImageObject","inLanguage":"fr-FR","@id":"https:\/\/electro-seb.fr\/index.php\/laves-linges-frontaux\/#primaryimage","url":"https:\/\/electro-seb.fr\/wp-content\/uploads\/2019\/10\/lave-linge-frontal-ELECTROLUX-EWF1483BB-600pxtransparent.png","contentUrl":"https:\/\/electro-seb.fr\/wp-content\/uploads\/2019\/10\/lave-linge-frontal-ELECTROLUX-EWF1483BB-600pxtransparent.png","width":600,"height":1066},{"@type":"BreadcrumbList","@id":"https:\/\/electro-seb.fr\/index.php\/laves-linges-frontaux\/#breadcrumb","itemListElement":[{"@type":"ListItem","position":1,"name":"Accueil","item":"https:\/\/electro-seb.fr\/"},{"@type":"ListItem","position":2,"name":"Lave-linge Frontal"}]},{"@type":"WebSite","@id":"https:\/\/electro-seb.fr\/#website","url":"https:\/\/electro-seb.fr\/","name":"Electro SEB","description":"Un site cr\u00e9er par S\u00e9bastien Abitbol","publisher":{"@id":"https:\/\/electro-seb.fr\/#organization"},"potentialAction":[{"@type":"SearchAction","target":{"@type":"EntryPoint","urlTemplate":"https:\/\/electro-seb.fr\/?s={search_term_string}"},"query-input":{"@type":"PropertyValueSpecification","valueRequired":true,"valueName":"search_term_string"}}],"inLanguage":"fr-FR"},{"@type":"Organization","@id":"https:\/\/electro-seb.fr\/#organization","name":"Electro SEB","url":"https:\/\/electro-seb.fr\/","logo":{"@type":"ImageObject","inLanguage":"fr-FR","@id":"https:\/\/electro-seb.fr\/#\/schema\/logo\/image\/","url":"https:\/\/electro-seb.fr\/wp-content\/uploads\/2019\/10\/cropped-ELECTRO-SEB-LOGO-MODIFIER-OK1-1.png","contentUrl":"https:\/\/electro-seb.fr\/wp-content\/uploads\/2019\/10\/cropped-ELECTRO-SEB-LOGO-MODIFIER-OK1-1.png","width":500,"height":400,"caption":"Electro SEB"},"image":{"@id":"https:\/\/electro-seb.fr\/#\/schema\/logo\/image\/"},"sameAs":["https:\/\/www.facebook.com\/SebAbitbol\/"]}]}},"uagb_featured_image_src":{"full":false,"thumbnail":false,"medium":false,"medium_large":false,"large":false,"1536x1536":false,"2048x2048":false},"uagb_author_info":{"display_name":"admin3661","author_link":"https:\/\/electro-seb.fr\/index.php\/author\/admin3661\/"},"uagb_comment_info":0,"uagb_excerpt":"Lave-linge frontal Lave-linge frontal de marque ELECTROLUX avec sa noticeMod\u00e8le: EXF1483BBCapacit\u00e9: 8kg1400 tr\/minAffichage temps restantProgramme rapideD\u00e9part diff\u00e8r\u00e9Prix: 280 euros Lave-linge frontal de marque LGMod\u00e8le: WD-14401TDCapacit\u00e9: 7kg1400 tr\/minAffichage temps restantProgramme rapideD\u00e9part diff\u00e8r\u00e9Prix: 250 euros Lave-linge frontal de marque BEKOMod\u00e8le: WMB81220MSCapacit\u00e9: 8kg1200 tr\/minProgramme rapideD\u00e9part diff\u00e8r\u00e9: 3h\/6h\/9hPrix: 250 euros Lavante-s\u00e8chante frontal de marque INDESITMod\u00e8le: WIDL126EXCapacit\u00e9: 6kg en lavage\u2026","_links":{"self":[{"href":"https:\/\/electro-seb.fr\/index.php\/wp-json\/wp\/v2\/pages\/1081","targetHints":{"allow":["GET"]}}],"collection":[{"href":"https:\/\/electro-seb.fr\/index.php\/wp-json\/wp\/v2\/pages"}],"about":[{"href":"https:\/\/electro-seb.fr\/index.php\/wp-json\/wp\/v2\/types\/page"}],"author":[{"embeddable":true,"href":"https:\/\/electro-seb.fr\/index.php\/wp-json\/wp\/v2\/users\/1"}],"replies":[{"embeddable":true,"href":"https:\/\/electro-seb.fr\/index.php\/wp-json\/wp\/v2\/comments?post=1081"}],"version-history":[{"count":63,"href":"https:\/\/electro-seb.fr\/index.php\/wp-json\/wp\/v2\/pages\/1081\/revisions"}],"predecessor-version":[{"id":1542,"href":"https:\/\/electro-seb.fr\/index.php\/wp-json\/wp\/v2\/pages\/1081\/revisions\/1542"}],"wp:attachment":[{"href":"https:\/\/electro-seb.fr\/index.php\/wp-json\/wp\/v2\/media?parent=1081"}],"curies":[{"name":"wp","href":"https:\/\/api.w.org\/{rel}","templated":true}]}}