{"id":1114,"date":"2019-10-12T14:01:44","date_gmt":"2019-10-12T12:01:44","guid":{"rendered":"http:\/\/electro-seb.fr\/?page_id=1114"},"modified":"2019-10-23T17:13:27","modified_gmt":"2019-10-23T15:13:27","slug":"laves-linges-top","status":"publish","type":"page","link":"https:\/\/electro-seb.fr\/index.php\/laves-linges-top\/","title":{"rendered":"Lave-linge top"},"content":{"rendered":"\t\t<div data-elementor-type=\"wp-page\" data-elementor-id=\"1114\" class=\"elementor elementor-1114\" data-elementor-settings=\"[]\">\n\t\t\t\t\t\t<div class=\"elementor-inner\">\n\t\t\t\t\t\t\t<div class=\"elementor-section-wrap\">\n\t\t\t\t\t\t\t<section class=\"elementor-section elementor-top-section elementor-element elementor-element-5bfba6e elementor-section-boxed elementor-section-height-default elementor-section-height-default\" data-id=\"5bfba6e\" data-element_type=\"section\">\n\t\t\t\t\t\t<div class=\"elementor-container elementor-column-gap-default\">\n\t\t\t\t\t\t\t<div class=\"elementor-row\">\n\t\t\t\t\t<div class=\"elementor-column elementor-col-100 elementor-top-column elementor-element elementor-element-2ad9a58\" data-id=\"2ad9a58\" data-element_type=\"column\">\n\t\t\t<div class=\"elementor-column-wrap elementor-element-populated\">\n\t\t\t\t\t\t\t<div class=\"elementor-widget-wrap\">\n\t\t\t\t\t\t<div class=\"elementor-element elementor-element-64acde2 elementor-widget-divider--view-line elementor-widget elementor-widget-divider\" data-id=\"64acde2\" data-element_type=\"widget\" data-widget_type=\"divider.default\">\n\t\t\t\t<div class=\"elementor-widget-container\">\n\t\t\t\t\t<div class=\"elementor-divider\">\n\t\t\t<span class=\"elementor-divider-separator\">\n\t\t\t\t\t\t<\/span>\n\t\t<\/div>\n\t\t\t\t<\/div>\n\t\t\t\t<\/div>\n\t\t\t\t\t\t<\/div>\n\t\t\t\t\t<\/div>\n\t\t<\/div>\n\t\t\t\t\t\t\t\t<\/div>\n\t\t\t\t\t<\/div>\n\t\t<\/section>\n\t\t\t\t<section class=\"elementor-section elementor-top-section elementor-element elementor-element-fa3e43d elementor-section-boxed elementor-section-height-default elementor-section-height-default\" data-id=\"fa3e43d\" data-element_type=\"section\">\n\t\t\t\t\t\t<div class=\"elementor-container elementor-column-gap-default\">\n\t\t\t\t\t\t\t<div class=\"elementor-row\">\n\t\t\t\t\t<div class=\"elementor-column elementor-col-100 elementor-top-column elementor-element elementor-element-3cb2699\" data-id=\"3cb2699\" data-element_type=\"column\">\n\t\t\t<div class=\"elementor-column-wrap elementor-element-populated\">\n\t\t\t\t\t\t\t<div class=\"elementor-widget-wrap\">\n\t\t\t\t\t\t<div class=\"elementor-element elementor-element-70c50f6 elementor-widget elementor-widget-heading\" data-id=\"70c50f6\" data-element_type=\"widget\" data-widget_type=\"heading.default\">\n\t\t\t\t<div class=\"elementor-widget-container\">\n\t\t\t<h2 class=\"elementor-heading-title elementor-size-xl\">Lave-linge top<\/h2>\t\t<\/div>\n\t\t\t\t<\/div>\n\t\t\t\t\t\t<\/div>\n\t\t\t\t\t<\/div>\n\t\t<\/div>\n\t\t\t\t\t\t\t\t<\/div>\n\t\t\t\t\t<\/div>\n\t\t<\/section>\n\t\t\t\t<section class=\"elementor-section elementor-top-section elementor-element elementor-element-a9ab1d8 elementor-section-boxed elementor-section-height-default elementor-section-height-default\" data-id=\"a9ab1d8\" data-element_type=\"section\">\n\t\t\t\t\t\t<div class=\"elementor-container elementor-column-gap-default\">\n\t\t\t\t\t\t\t<div class=\"elementor-row\">\n\t\t\t\t\t<div class=\"elementor-column elementor-col-25 elementor-top-column elementor-element elementor-element-e39bff1\" data-id=\"e39bff1\" data-element_type=\"column\">\n\t\t\t<div class=\"elementor-column-wrap elementor-element-populated\">\n\t\t\t\t\t\t\t<div class=\"elementor-widget-wrap\">\n\t\t\t\t\t\t<div class=\"elementor-element elementor-element-2b5d5b3 elementor-widget elementor-widget-image\" data-id=\"2b5d5b3\" data-element_type=\"widget\" data-widget_type=\"image.default\">\n\t\t\t\t<div class=\"elementor-widget-container\">\n\t\t\t\t\t\t\t\t<div class=\"elementor-image\">\n\t\t\t\t\t\t\t\t\t<figure class=\"wp-caption\">\n\t\t\t\t\t\t\t\t\t\t<img loading=\"lazy\" decoding=\"async\" width=\"600\" height=\"1066\" src=\"https:\/\/electro-seb.fr\/wp-content\/uploads\/2019\/10\/lave-linge-top-BRANDT-BWT1RY62-600px-transparent.png\" class=\"attachment-medium_large size-medium_large\" alt=\"\" srcset=\"https:\/\/electro-seb.fr\/wp-content\/uploads\/2019\/10\/lave-linge-top-BRANDT-BWT1RY62-600px-transparent.png 600w, https:\/\/electro-seb.fr\/wp-content\/uploads\/2019\/10\/lave-linge-top-BRANDT-BWT1RY62-600px-transparent-169x300.png 169w, https:\/\/electro-seb.fr\/wp-content\/uploads\/2019\/10\/lave-linge-top-BRANDT-BWT1RY62-600px-transparent-576x1024.png 576w\" sizes=\"auto, (max-width: 600px) 100vw, 600px\" \/>\t\t\t\t\t\t\t\t\t\t\t<figcaption class=\"widget-image-caption wp-caption-text\">Lave-linge top de marque BRANDT<br>Mod\u00e8le: BWT1RY62<br>Capacit\u00e9: 6kg<br>1200 tr\/min<br>Economie d'eau<br>Economie d'\u00e9lectricit\u00e9<br>Fonction Memo Activ'<br>Affichage temps restant<br>Programme rapide: Flash 30min; Opti A 45min; Mixte<br>D\u00e9part diff\u00e8r\u00e9 et<br>synchronisation heures creuses<br>Prix: 250 euros<\/figcaption>\n\t\t\t\t\t\t\t\t\t\t<\/figure>\n\t\t\t\t\t\t\t\t<\/div>\n\t\t\t\t\t\t<\/div>\n\t\t\t\t<\/div>\n\t\t\t\t\t\t<\/div>\n\t\t\t\t\t<\/div>\n\t\t<\/div>\n\t\t\t\t<div class=\"elementor-column elementor-col-25 elementor-top-column elementor-element elementor-element-6207732\" data-id=\"6207732\" data-element_type=\"column\">\n\t\t\t<div class=\"elementor-column-wrap elementor-element-populated\">\n\t\t\t\t\t\t\t<div class=\"elementor-widget-wrap\">\n\t\t\t\t\t\t<div class=\"elementor-element elementor-element-28b4495 elementor-widget elementor-widget-image\" data-id=\"28b4495\" data-element_type=\"widget\" data-widget_type=\"image.default\">\n\t\t\t\t<div class=\"elementor-widget-container\">\n\t\t\t\t\t\t\t\t<div class=\"elementor-image\">\n\t\t\t\t\t\t\t\t\t<figure class=\"wp-caption\">\n\t\t\t\t\t\t\t\t\t\t<img loading=\"lazy\" decoding=\"async\" width=\"576\" height=\"1024\" src=\"https:\/\/electro-seb.fr\/wp-content\/uploads\/2019\/10\/lave-linge-top-VEDETTE-VLT4101-600px-transparent-576x1024.png\" class=\"attachment-large size-large\" alt=\"\" srcset=\"https:\/\/electro-seb.fr\/wp-content\/uploads\/2019\/10\/lave-linge-top-VEDETTE-VLT4101-600px-transparent-576x1024.png 576w, https:\/\/electro-seb.fr\/wp-content\/uploads\/2019\/10\/lave-linge-top-VEDETTE-VLT4101-600px-transparent-169x300.png 169w, https:\/\/electro-seb.fr\/wp-content\/uploads\/2019\/10\/lave-linge-top-VEDETTE-VLT4101-600px-transparent.png 600w\" sizes=\"auto, (max-width: 576px) 100vw, 576px\" \/>\t\t\t\t\t\t\t\t\t\t\t<figcaption class=\"widget-image-caption wp-caption-text\">Lave-linge top de marque VEDETTE<br>Mod\u00e8le: VLT4101<br>Capacit\u00e9: 5kg<br>1000 tr\/min<br>Classe AA<br>Programme rapide:<br>Rapide 30min; Mixte<br>Prix: 150 euros<\/figcaption>\n\t\t\t\t\t\t\t\t\t\t<\/figure>\n\t\t\t\t\t\t\t\t<\/div>\n\t\t\t\t\t\t<\/div>\n\t\t\t\t<\/div>\n\t\t\t\t\t\t<\/div>\n\t\t\t\t\t<\/div>\n\t\t<\/div>\n\t\t\t\t<div class=\"elementor-column elementor-col-25 elementor-top-column elementor-element elementor-element-751e63e\" data-id=\"751e63e\" data-element_type=\"column\">\n\t\t\t<div class=\"elementor-column-wrap elementor-element-populated\">\n\t\t\t\t\t\t\t<div class=\"elementor-widget-wrap\">\n\t\t\t\t\t\t<div class=\"elementor-element elementor-element-c29dc78 elementor-widget elementor-widget-image\" data-id=\"c29dc78\" data-element_type=\"widget\" data-widget_type=\"image.default\">\n\t\t\t\t<div class=\"elementor-widget-container\">\n\t\t\t\t\t\t\t\t<div class=\"elementor-image\">\n\t\t\t\t\t\t\t\t\t<figure class=\"wp-caption\">\n\t\t\t\t\t\t\t\t\t\t<img loading=\"lazy\" decoding=\"async\" width=\"576\" height=\"1024\" src=\"https:\/\/electro-seb.fr\/wp-content\/uploads\/2019\/10\/lave-linge-top-INDESIT-WITL90-600px-transparent-576x1024.png\" class=\"attachment-large size-large\" alt=\"\" srcset=\"https:\/\/electro-seb.fr\/wp-content\/uploads\/2019\/10\/lave-linge-top-INDESIT-WITL90-600px-transparent-576x1024.png 576w, https:\/\/electro-seb.fr\/wp-content\/uploads\/2019\/10\/lave-linge-top-INDESIT-WITL90-600px-transparent-169x300.png 169w, https:\/\/electro-seb.fr\/wp-content\/uploads\/2019\/10\/lave-linge-top-INDESIT-WITL90-600px-transparent.png 600w\" sizes=\"auto, (max-width: 576px) 100vw, 576px\" \/>\t\t\t\t\t\t\t\t\t\t\t<figcaption class=\"widget-image-caption wp-caption-text\">Lave-linge top de marque INDESIT<br>Mod\u00e8le: WITL90<br>Capacit\u00e9: 5kg<br>900 tr\/min<br>Programme rapide:<br>Coton chrono 1h; couleurs chrono 50min; synth\u00e9tiques chrono 40min; express 30min<br>D\u00e9part diff\u00e9r\u00e9: 2h\/4h\/6h\/9h<br>Prix: 150 euros<\/figcaption>\n\t\t\t\t\t\t\t\t\t\t<\/figure>\n\t\t\t\t\t\t\t\t<\/div>\n\t\t\t\t\t\t<\/div>\n\t\t\t\t<\/div>\n\t\t\t\t\t\t<\/div>\n\t\t\t\t\t<\/div>\n\t\t<\/div>\n\t\t\t\t<div class=\"elementor-column elementor-col-25 elementor-top-column elementor-element elementor-element-18f3ea1\" data-id=\"18f3ea1\" data-element_type=\"column\">\n\t\t\t<div class=\"elementor-column-wrap elementor-element-populated\">\n\t\t\t\t\t\t\t<div class=\"elementor-widget-wrap\">\n\t\t\t\t\t\t<div class=\"elementor-element elementor-element-6f61650 elementor-widget elementor-widget-image\" data-id=\"6f61650\" data-element_type=\"widget\" data-widget_type=\"image.default\">\n\t\t\t\t<div class=\"elementor-widget-container\">\n\t\t\t\t\t\t\t\t<div class=\"elementor-image\">\n\t\t\t\t\t\t\t\t\t<figure class=\"wp-caption\">\n\t\t\t\t\t\t\t\t\t\t<img loading=\"lazy\" decoding=\"async\" width=\"576\" height=\"1024\" src=\"https:\/\/electro-seb.fr\/wp-content\/uploads\/2019\/10\/lave-linge-top-VEDETTE-Grand-Soins-VLT4115-600px-transparent-576x1024.png\" class=\"attachment-large size-large\" alt=\"\" srcset=\"https:\/\/electro-seb.fr\/wp-content\/uploads\/2019\/10\/lave-linge-top-VEDETTE-Grand-Soins-VLT4115-600px-transparent-576x1024.png 576w, https:\/\/electro-seb.fr\/wp-content\/uploads\/2019\/10\/lave-linge-top-VEDETTE-Grand-Soins-VLT4115-600px-transparent-169x300.png 169w, https:\/\/electro-seb.fr\/wp-content\/uploads\/2019\/10\/lave-linge-top-VEDETTE-Grand-Soins-VLT4115-600px-transparent.png 600w\" sizes=\"auto, (max-width: 576px) 100vw, 576px\" \/>\t\t\t\t\t\t\t\t\t\t\t<figcaption class=\"widget-image-caption wp-caption-text\">Lave-linge top de marque VEDETTE<br>Mod\u00e8le: Grand Soins VLT4115<br>Capacit\u00e9: 5kg<br>1100 tr\/min<br>Classe AA<br>Programme rapide:<br>Rapide 30min; Mixte<br>D\u00e9part diff\u00e9r\u00e9: 1h\/3h\/6h\/9h\/12h\/15h\/19h<br>Prix: 150 euros<\/figcaption>\n\t\t\t\t\t\t\t\t\t\t<\/figure>\n\t\t\t\t\t\t\t\t<\/div>\n\t\t\t\t\t\t<\/div>\n\t\t\t\t<\/div>\n\t\t\t\t\t\t<\/div>\n\t\t\t\t\t<\/div>\n\t\t<\/div>\n\t\t\t\t\t\t\t\t<\/div>\n\t\t\t\t\t<\/div>\n\t\t<\/section>\n\t\t\t\t<section class=\"elementor-section elementor-top-section elementor-element elementor-element-a4e211a elementor-section-boxed elementor-section-height-default elementor-section-height-default\" data-id=\"a4e211a\" data-element_type=\"section\">\n\t\t\t\t\t\t<div class=\"elementor-container elementor-column-gap-default\">\n\t\t\t\t\t\t\t<div class=\"elementor-row\">\n\t\t\t\t\t<div class=\"elementor-column elementor-col-100 elementor-top-column elementor-element elementor-element-46ab74a\" data-id=\"46ab74a\" data-element_type=\"column\">\n\t\t\t<div class=\"elementor-column-wrap elementor-element-populated\">\n\t\t\t\t\t\t\t<div class=\"elementor-widget-wrap\">\n\t\t\t\t\t\t<div class=\"elementor-element elementor-element-836132c elementor-widget elementor-widget-text-editor\" data-id=\"836132c\" data-element_type=\"widget\" data-widget_type=\"text-editor.default\">\n\t\t\t\t<div class=\"elementor-widget-container\">\n\t\t\t\t\t\t\t\t<div class=\"elementor-text-editor elementor-clearfix\">\n\t\t\t\t<p style=\"text-align: center;\">D&rsquo;autres mod\u00e8les disponibles.<\/p>\t\t\t\t\t<\/div>\n\t\t\t\t\t\t<\/div>\n\t\t\t\t<\/div>\n\t\t\t\t\t\t<\/div>\n\t\t\t\t\t<\/div>\n\t\t<\/div>\n\t\t\t\t\t\t\t\t<\/div>\n\t\t\t\t\t<\/div>\n\t\t<\/section>\n\t\t\t\t<section class=\"elementor-section elementor-top-section elementor-element elementor-element-065057f elementor-section-boxed elementor-section-height-default elementor-section-height-default\" data-id=\"065057f\" data-element_type=\"section\">\n\t\t\t\t\t\t<div class=\"elementor-container elementor-column-gap-default\">\n\t\t\t\t\t\t\t<div class=\"elementor-row\">\n\t\t\t\t\t<div class=\"elementor-column elementor-col-100 elementor-top-column elementor-element elementor-element-40e45c5\" data-id=\"40e45c5\" data-element_type=\"column\">\n\t\t\t<div class=\"elementor-column-wrap elementor-element-populated\">\n\t\t\t\t\t\t\t<div class=\"elementor-widget-wrap\">\n\t\t\t\t\t\t<div class=\"elementor-element elementor-element-7f0e587 elementor-widget elementor-widget-text-editor\" data-id=\"7f0e587\" data-element_type=\"widget\" data-widget_type=\"text-editor.default\">\n\t\t\t\t<div class=\"elementor-widget-container\">\n\t\t\t\t\t\t\t\t<div class=\"elementor-text-editor elementor-clearfix\">\n\t\t\t\t<p style=\"text-align: center;\">Pour tout achat, un service de livraison dans les environs est possible: tarif variable en fonction de la distance.<\/p>\t\t\t\t\t<\/div>\n\t\t\t\t\t\t<\/div>\n\t\t\t\t<\/div>\n\t\t\t\t\t\t<\/div>\n\t\t\t\t\t<\/div>\n\t\t<\/div>\n\t\t\t\t\t\t\t\t<\/div>\n\t\t\t\t\t<\/div>\n\t\t<\/section>\n\t\t\t\t\t\t<\/div>\n\t\t\t\t\t\t<\/div>\n\t\t\t\t\t<\/div>\n\t\t","protected":false},"excerpt":{"rendered":"<p>Lave-linge top Lave-linge top de marque BRANDTMod\u00e8le: BWT1RY62Capacit\u00e9: 6kg1200 tr\/minEconomie d&rsquo;eauEconomie d&rsquo;\u00e9lectricit\u00e9Fonction Memo Activ&rsquo;Affichage temps restantProgramme rapide: Flash 30min; Opti A 45min; MixteD\u00e9part diff\u00e8r\u00e9 etsynchronisation heures creusesPrix: 250 euros Lave-linge top de marque VEDETTEMod\u00e8le: VLT4101Capacit\u00e9: 5kg1000 tr\/minClasse AAProgramme rapide:Rapide 30min; MixtePrix: 150 euros Lave-linge top de marque INDESITMod\u00e8le: WITL90Capacit\u00e9: 5kg900 tr\/minProgramme rapide:Coton chrono 1h; couleurs &hellip;<\/p>\n<p class=\"read-more\"> <a class=\"\" href=\"https:\/\/electro-seb.fr\/index.php\/laves-linges-top\/\"> <span class=\"screen-reader-text\">Lave-linge top<\/span> Lire la suite\u00a0\u00bb<\/a><\/p>\n","protected":false},"author":1,"featured_media":0,"parent":0,"menu_order":0,"comment_status":"closed","ping_status":"closed","template":"","meta":{"sfsi_plus_gutenberg_text_before_share":"","sfsi_plus_gutenberg_show_text_before_share":"","sfsi_plus_gutenberg_icon_type":"","sfsi_plus_gutenberg_icon_alignemt":"","sfsi_plus_gutenburg_max_per_row":"","site-sidebar-layout":"no-sidebar","site-content-layout":"page-builder","ast-main-header-display":"","ast-hfb-above-header-display":"","ast-hfb-below-header-display":"","ast-hfb-mobile-header-display":"","site-post-title":"disabled","ast-breadcrumbs-content":"","ast-featured-img":"disabled","footer-sml-layout":"","theme-transparent-header-meta":"default","adv-header-id-meta":"","stick-header-meta":"","header-above-stick-meta":"","header-main-stick-meta":"","header-below-stick-meta":"","footnotes":""},"class_list":["post-1114","page","type-page","status-publish","hentry"],"yoast_head":"<!-- This site is optimized with the Yoast SEO plugin v24.9 - https:\/\/yoast.com\/wordpress\/plugins\/seo\/ -->\n<title>Lave-linge top - Electro SEB<\/title>\n<meta name=\"robots\" content=\"index, follow, max-snippet:-1, max-image-preview:large, max-video-preview:-1\" \/>\n<link rel=\"canonical\" href=\"https:\/\/electro-seb.fr\/index.php\/laves-linges-top\/\" \/>\n<meta property=\"og:locale\" content=\"fr_FR\" \/>\n<meta property=\"og:type\" content=\"article\" \/>\n<meta property=\"og:title\" content=\"Lave-linge top - Electro SEB\" \/>\n<meta property=\"og:description\" content=\"Lave-linge top Lave-linge top de marque BRANDTMod\u00e8le: BWT1RY62Capacit\u00e9: 6kg1200 tr\/minEconomie d&rsquo;eauEconomie d&rsquo;\u00e9lectricit\u00e9Fonction Memo Activ&rsquo;Affichage temps restantProgramme rapide: Flash 30min; Opti A 45min; MixteD\u00e9part diff\u00e8r\u00e9 etsynchronisation heures creusesPrix: 250 euros Lave-linge top de marque VEDETTEMod\u00e8le: VLT4101Capacit\u00e9: 5kg1000 tr\/minClasse AAProgramme rapide:Rapide 30min; MixtePrix: 150 euros Lave-linge top de marque INDESITMod\u00e8le: WITL90Capacit\u00e9: 5kg900 tr\/minProgramme rapide:Coton chrono 1h; couleurs &hellip; Lave-linge top Lire la suite\u00a0\u00bb\" \/>\n<meta property=\"og:url\" content=\"https:\/\/electro-seb.fr\/index.php\/laves-linges-top\/\" \/>\n<meta property=\"og:site_name\" content=\"Electro SEB\" \/>\n<meta property=\"article:publisher\" content=\"https:\/\/www.facebook.com\/SebAbitbol\/\" \/>\n<meta property=\"article:modified_time\" content=\"2019-10-23T15:13:27+00:00\" \/>\n<meta property=\"og:image\" content=\"https:\/\/electro-seb.fr\/wp-content\/uploads\/2019\/10\/lave-linge-top-BRANDT-BWT1RY62-600px-transparent.png\" \/>\n<meta name=\"twitter:card\" content=\"summary_large_image\" \/>\n<meta name=\"twitter:label1\" content=\"Dur\u00e9e de lecture estim\u00e9e\" \/>\n\t<meta name=\"twitter:data1\" content=\"1 minute\" \/>\n<script type=\"application\/ld+json\" class=\"yoast-schema-graph\">{\"@context\":\"https:\/\/schema.org\",\"@graph\":[{\"@type\":\"WebPage\",\"@id\":\"https:\/\/electro-seb.fr\/index.php\/laves-linges-top\/\",\"url\":\"https:\/\/electro-seb.fr\/index.php\/laves-linges-top\/\",\"name\":\"Lave-linge top - Electro SEB\",\"isPartOf\":{\"@id\":\"https:\/\/electro-seb.fr\/#website\"},\"primaryImageOfPage\":{\"@id\":\"https:\/\/electro-seb.fr\/index.php\/laves-linges-top\/#primaryimage\"},\"image\":{\"@id\":\"https:\/\/electro-seb.fr\/index.php\/laves-linges-top\/#primaryimage\"},\"thumbnailUrl\":\"https:\/\/electro-seb.fr\/wp-content\/uploads\/2019\/10\/lave-linge-top-BRANDT-BWT1RY62-600px-transparent.png\",\"datePublished\":\"2019-10-12T12:01:44+00:00\",\"dateModified\":\"2019-10-23T15:13:27+00:00\",\"breadcrumb\":{\"@id\":\"https:\/\/electro-seb.fr\/index.php\/laves-linges-top\/#breadcrumb\"},\"inLanguage\":\"fr-FR\",\"potentialAction\":[{\"@type\":\"ReadAction\",\"target\":[\"https:\/\/electro-seb.fr\/index.php\/laves-linges-top\/\"]}]},{\"@type\":\"ImageObject\",\"inLanguage\":\"fr-FR\",\"@id\":\"https:\/\/electro-seb.fr\/index.php\/laves-linges-top\/#primaryimage\",\"url\":\"https:\/\/electro-seb.fr\/wp-content\/uploads\/2019\/10\/lave-linge-top-BRANDT-BWT1RY62-600px-transparent.png\",\"contentUrl\":\"https:\/\/electro-seb.fr\/wp-content\/uploads\/2019\/10\/lave-linge-top-BRANDT-BWT1RY62-600px-transparent.png\",\"width\":600,\"height\":1066},{\"@type\":\"BreadcrumbList\",\"@id\":\"https:\/\/electro-seb.fr\/index.php\/laves-linges-top\/#breadcrumb\",\"itemListElement\":[{\"@type\":\"ListItem\",\"position\":1,\"name\":\"Accueil\",\"item\":\"https:\/\/electro-seb.fr\/\"},{\"@type\":\"ListItem\",\"position\":2,\"name\":\"Lave-linge top\"}]},{\"@type\":\"WebSite\",\"@id\":\"https:\/\/electro-seb.fr\/#website\",\"url\":\"https:\/\/electro-seb.fr\/\",\"name\":\"Electro SEB\",\"description\":\"Un site cr\u00e9er par S\u00e9bastien Abitbol\",\"publisher\":{\"@id\":\"https:\/\/electro-seb.fr\/#organization\"},\"potentialAction\":[{\"@type\":\"SearchAction\",\"target\":{\"@type\":\"EntryPoint\",\"urlTemplate\":\"https:\/\/electro-seb.fr\/?s={search_term_string}\"},\"query-input\":{\"@type\":\"PropertyValueSpecification\",\"valueRequired\":true,\"valueName\":\"search_term_string\"}}],\"inLanguage\":\"fr-FR\"},{\"@type\":\"Organization\",\"@id\":\"https:\/\/electro-seb.fr\/#organization\",\"name\":\"Electro SEB\",\"url\":\"https:\/\/electro-seb.fr\/\",\"logo\":{\"@type\":\"ImageObject\",\"inLanguage\":\"fr-FR\",\"@id\":\"https:\/\/electro-seb.fr\/#\/schema\/logo\/image\/\",\"url\":\"https:\/\/electro-seb.fr\/wp-content\/uploads\/2019\/10\/cropped-ELECTRO-SEB-LOGO-MODIFIER-OK1-1.png\",\"contentUrl\":\"https:\/\/electro-seb.fr\/wp-content\/uploads\/2019\/10\/cropped-ELECTRO-SEB-LOGO-MODIFIER-OK1-1.png\",\"width\":500,\"height\":400,\"caption\":\"Electro SEB\"},\"image\":{\"@id\":\"https:\/\/electro-seb.fr\/#\/schema\/logo\/image\/\"},\"sameAs\":[\"https:\/\/www.facebook.com\/SebAbitbol\/\"]}]}<\/script>\n<!-- \/ Yoast SEO plugin. -->","yoast_head_json":{"title":"Lave-linge top - Electro SEB","robots":{"index":"index","follow":"follow","max-snippet":"max-snippet:-1","max-image-preview":"max-image-preview:large","max-video-preview":"max-video-preview:-1"},"canonical":"https:\/\/electro-seb.fr\/index.php\/laves-linges-top\/","og_locale":"fr_FR","og_type":"article","og_title":"Lave-linge top - Electro SEB","og_description":"Lave-linge top Lave-linge top de marque BRANDTMod\u00e8le: BWT1RY62Capacit\u00e9: 6kg1200 tr\/minEconomie d&rsquo;eauEconomie d&rsquo;\u00e9lectricit\u00e9Fonction Memo Activ&rsquo;Affichage temps restantProgramme rapide: Flash 30min; Opti A 45min; MixteD\u00e9part diff\u00e8r\u00e9 etsynchronisation heures creusesPrix: 250 euros Lave-linge top de marque VEDETTEMod\u00e8le: VLT4101Capacit\u00e9: 5kg1000 tr\/minClasse AAProgramme rapide:Rapide 30min; MixtePrix: 150 euros Lave-linge top de marque INDESITMod\u00e8le: WITL90Capacit\u00e9: 5kg900 tr\/minProgramme rapide:Coton chrono 1h; couleurs &hellip; Lave-linge top Lire la suite\u00a0\u00bb","og_url":"https:\/\/electro-seb.fr\/index.php\/laves-linges-top\/","og_site_name":"Electro SEB","article_publisher":"https:\/\/www.facebook.com\/SebAbitbol\/","article_modified_time":"2019-10-23T15:13:27+00:00","og_image":[{"url":"https:\/\/electro-seb.fr\/wp-content\/uploads\/2019\/10\/lave-linge-top-BRANDT-BWT1RY62-600px-transparent.png","type":"","width":"","height":""}],"twitter_card":"summary_large_image","twitter_misc":{"Dur\u00e9e de lecture estim\u00e9e":"1 minute"},"schema":{"@context":"https:\/\/schema.org","@graph":[{"@type":"WebPage","@id":"https:\/\/electro-seb.fr\/index.php\/laves-linges-top\/","url":"https:\/\/electro-seb.fr\/index.php\/laves-linges-top\/","name":"Lave-linge top - Electro SEB","isPartOf":{"@id":"https:\/\/electro-seb.fr\/#website"},"primaryImageOfPage":{"@id":"https:\/\/electro-seb.fr\/index.php\/laves-linges-top\/#primaryimage"},"image":{"@id":"https:\/\/electro-seb.fr\/index.php\/laves-linges-top\/#primaryimage"},"thumbnailUrl":"https:\/\/electro-seb.fr\/wp-content\/uploads\/2019\/10\/lave-linge-top-BRANDT-BWT1RY62-600px-transparent.png","datePublished":"2019-10-12T12:01:44+00:00","dateModified":"2019-10-23T15:13:27+00:00","breadcrumb":{"@id":"https:\/\/electro-seb.fr\/index.php\/laves-linges-top\/#breadcrumb"},"inLanguage":"fr-FR","potentialAction":[{"@type":"ReadAction","target":["https:\/\/electro-seb.fr\/index.php\/laves-linges-top\/"]}]},{"@type":"ImageObject","inLanguage":"fr-FR","@id":"https:\/\/electro-seb.fr\/index.php\/laves-linges-top\/#primaryimage","url":"https:\/\/electro-seb.fr\/wp-content\/uploads\/2019\/10\/lave-linge-top-BRANDT-BWT1RY62-600px-transparent.png","contentUrl":"https:\/\/electro-seb.fr\/wp-content\/uploads\/2019\/10\/lave-linge-top-BRANDT-BWT1RY62-600px-transparent.png","width":600,"height":1066},{"@type":"BreadcrumbList","@id":"https:\/\/electro-seb.fr\/index.php\/laves-linges-top\/#breadcrumb","itemListElement":[{"@type":"ListItem","position":1,"name":"Accueil","item":"https:\/\/electro-seb.fr\/"},{"@type":"ListItem","position":2,"name":"Lave-linge top"}]},{"@type":"WebSite","@id":"https:\/\/electro-seb.fr\/#website","url":"https:\/\/electro-seb.fr\/","name":"Electro SEB","description":"Un site cr\u00e9er par S\u00e9bastien Abitbol","publisher":{"@id":"https:\/\/electro-seb.fr\/#organization"},"potentialAction":[{"@type":"SearchAction","target":{"@type":"EntryPoint","urlTemplate":"https:\/\/electro-seb.fr\/?s={search_term_string}"},"query-input":{"@type":"PropertyValueSpecification","valueRequired":true,"valueName":"search_term_string"}}],"inLanguage":"fr-FR"},{"@type":"Organization","@id":"https:\/\/electro-seb.fr\/#organization","name":"Electro SEB","url":"https:\/\/electro-seb.fr\/","logo":{"@type":"ImageObject","inLanguage":"fr-FR","@id":"https:\/\/electro-seb.fr\/#\/schema\/logo\/image\/","url":"https:\/\/electro-seb.fr\/wp-content\/uploads\/2019\/10\/cropped-ELECTRO-SEB-LOGO-MODIFIER-OK1-1.png","contentUrl":"https:\/\/electro-seb.fr\/wp-content\/uploads\/2019\/10\/cropped-ELECTRO-SEB-LOGO-MODIFIER-OK1-1.png","width":500,"height":400,"caption":"Electro SEB"},"image":{"@id":"https:\/\/electro-seb.fr\/#\/schema\/logo\/image\/"},"sameAs":["https:\/\/www.facebook.com\/SebAbitbol\/"]}]}},"uagb_featured_image_src":{"full":false,"thumbnail":false,"medium":false,"medium_large":false,"large":false,"1536x1536":false,"2048x2048":false},"uagb_author_info":{"display_name":"admin3661","author_link":"https:\/\/electro-seb.fr\/index.php\/author\/admin3661\/"},"uagb_comment_info":0,"uagb_excerpt":"Lave-linge top Lave-linge top de marque BRANDTMod\u00e8le: BWT1RY62Capacit\u00e9: 6kg1200 tr\/minEconomie d&rsquo;eauEconomie d&rsquo;\u00e9lectricit\u00e9Fonction Memo Activ&rsquo;Affichage temps restantProgramme rapide: Flash 30min; Opti A 45min; MixteD\u00e9part diff\u00e8r\u00e9 etsynchronisation heures creusesPrix: 250 euros Lave-linge top de marque VEDETTEMod\u00e8le: VLT4101Capacit\u00e9: 5kg1000 tr\/minClasse AAProgramme rapide:Rapide 30min; MixtePrix: 150 euros Lave-linge top de marque INDESITMod\u00e8le: WITL90Capacit\u00e9: 5kg900 tr\/minProgramme rapide:Coton chrono 1h; couleurs\u2026","_links":{"self":[{"href":"https:\/\/electro-seb.fr\/index.php\/wp-json\/wp\/v2\/pages\/1114","targetHints":{"allow":["GET"]}}],"collection":[{"href":"https:\/\/electro-seb.fr\/index.php\/wp-json\/wp\/v2\/pages"}],"about":[{"href":"https:\/\/electro-seb.fr\/index.php\/wp-json\/wp\/v2\/types\/page"}],"author":[{"embeddable":true,"href":"https:\/\/electro-seb.fr\/index.php\/wp-json\/wp\/v2\/users\/1"}],"replies":[{"embeddable":true,"href":"https:\/\/electro-seb.fr\/index.php\/wp-json\/wp\/v2\/comments?post=1114"}],"version-history":[{"count":32,"href":"https:\/\/electro-seb.fr\/index.php\/wp-json\/wp\/v2\/pages\/1114\/revisions"}],"predecessor-version":[{"id":1543,"href":"https:\/\/electro-seb.fr\/index.php\/wp-json\/wp\/v2\/pages\/1114\/revisions\/1543"}],"wp:attachment":[{"href":"https:\/\/electro-seb.fr\/index.php\/wp-json\/wp\/v2\/media?parent=1114"}],"curies":[{"name":"wp","href":"https:\/\/api.w.org\/{rel}","templated":true}]}}