{"id":521,"date":"2019-10-03T09:42:23","date_gmt":"2019-10-03T07:42:23","guid":{"rendered":"http:\/\/electro-seb.fr\/?page_id=521"},"modified":"2019-10-18T16:25:54","modified_gmt":"2019-10-18T14:25:54","slug":"a-propos","status":"publish","type":"page","link":"https:\/\/electro-seb.fr\/index.php\/a-propos\/","title":{"rendered":"A propos"},"content":{"rendered":"\t\t<div data-elementor-type=\"wp-page\" data-elementor-id=\"521\" class=\"elementor elementor-521\" data-elementor-settings=\"[]\">\n\t\t\t\t\t\t<div class=\"elementor-inner\">\n\t\t\t\t\t\t\t<div class=\"elementor-section-wrap\">\n\t\t\t\t\t\t\t<section class=\"elementor-section elementor-top-section elementor-element elementor-element-643ba54 elementor-section-boxed elementor-section-height-default elementor-section-height-default\" data-id=\"643ba54\" data-element_type=\"section\">\n\t\t\t\t\t\t<div class=\"elementor-container elementor-column-gap-default\">\n\t\t\t\t\t\t\t<div class=\"elementor-row\">\n\t\t\t\t\t<div class=\"elementor-column elementor-col-100 elementor-top-column elementor-element elementor-element-5698746\" data-id=\"5698746\" data-element_type=\"column\">\n\t\t\t<div class=\"elementor-column-wrap elementor-element-populated\">\n\t\t\t\t\t\t\t<div class=\"elementor-widget-wrap\">\n\t\t\t\t\t\t<div class=\"elementor-element elementor-element-1b663e5 elementor-widget-divider--view-line elementor-widget elementor-widget-divider\" data-id=\"1b663e5\" data-element_type=\"widget\" data-widget_type=\"divider.default\">\n\t\t\t\t<div class=\"elementor-widget-container\">\n\t\t\t\t\t<div class=\"elementor-divider\">\n\t\t\t<span class=\"elementor-divider-separator\">\n\t\t\t\t\t\t<\/span>\n\t\t<\/div>\n\t\t\t\t<\/div>\n\t\t\t\t<\/div>\n\t\t\t\t\t\t<\/div>\n\t\t\t\t\t<\/div>\n\t\t<\/div>\n\t\t\t\t\t\t\t\t<\/div>\n\t\t\t\t\t<\/div>\n\t\t<\/section>\n\t\t\t\t<section class=\"elementor-section elementor-top-section elementor-element elementor-element-6e1c397 elementor-section-boxed elementor-section-height-default elementor-section-height-default\" data-id=\"6e1c397\" data-element_type=\"section\">\n\t\t\t\t\t\t<div class=\"elementor-container elementor-column-gap-default\">\n\t\t\t\t\t\t\t<div class=\"elementor-row\">\n\t\t\t\t\t<div class=\"elementor-column elementor-col-100 elementor-top-column elementor-element elementor-element-7513614\" data-id=\"7513614\" data-element_type=\"column\">\n\t\t\t<div class=\"elementor-column-wrap elementor-element-populated\">\n\t\t\t\t\t\t\t<div class=\"elementor-widget-wrap\">\n\t\t\t\t\t\t<div class=\"elementor-element elementor-element-a56d0f7 elementor-widget elementor-widget-heading\" data-id=\"a56d0f7\" data-element_type=\"widget\" data-widget_type=\"heading.default\">\n\t\t\t\t<div class=\"elementor-widget-container\">\n\t\t\t<h2 class=\"elementor-heading-title elementor-size-xxl\">ELECTRO SEB\u200b<\/h2>\t\t<\/div>\n\t\t\t\t<\/div>\n\t\t\t\t\t\t<\/div>\n\t\t\t\t\t<\/div>\n\t\t<\/div>\n\t\t\t\t\t\t\t\t<\/div>\n\t\t\t\t\t<\/div>\n\t\t<\/section>\n\t\t\t\t<section class=\"elementor-section elementor-top-section elementor-element elementor-element-0c31ad9 elementor-section-boxed elementor-section-height-default elementor-section-height-default\" data-id=\"0c31ad9\" data-element_type=\"section\">\n\t\t\t\t\t\t<div class=\"elementor-container elementor-column-gap-default\">\n\t\t\t\t\t\t\t<div class=\"elementor-row\">\n\t\t\t\t\t<div class=\"elementor-column elementor-col-100 elementor-top-column elementor-element elementor-element-293012c\" data-id=\"293012c\" data-element_type=\"column\">\n\t\t\t<div class=\"elementor-column-wrap elementor-element-populated\">\n\t\t\t\t\t\t\t<div class=\"elementor-widget-wrap\">\n\t\t\t\t\t\t<div class=\"elementor-element elementor-element-fb1c11b elementor-widget elementor-widget-text-editor\" data-id=\"fb1c11b\" data-element_type=\"widget\" data-widget_type=\"text-editor.default\">\n\t\t\t\t<div class=\"elementor-widget-container\">\n\t\t\t\t\t\t\t\t<div class=\"elementor-text-editor elementor-clearfix\">\n\t\t\t\t<p style=\"text-align: center;\">N\u00b0Immatriculation \u00e0 la chambre des m\u00e9tiers: 791664618RM130<\/p><p style=\"text-align: center;\">Avec la soci\u00e9t\u00e9 ELECTRO SEB, vous b\u00e9n\u00e9ficierez d&rsquo;un technicien qualifi\u00e9 et sp\u00e9cialis\u00e9 depuis 2013, dans le domaine de la r\u00e9paration d&rsquo;appareils \u00e9lectrom\u00e9nagers (lave-linge frontal, lave-linge top, s\u00e8che-linge \u00e9vacuation, s\u00e8che-linge \u00e0 condensation, lave-vaisselle, four encastrable, r\u00e9frig\u00e9rateur, r\u00e9frig\u00e9rateur am\u00e9ricain, plaques de cuissons &#8230;), de toutes marques (LG, SAMSUNG, WHIRLPOOL, BOSCH, SIEMENS, VEDETTE, BRANDT&#8230;).<br \/>La soci\u00e9t\u00e9 ELECTRO S.E.B vous propose:<br \/>R\u00e9paration en atelier ou \u00e0 domicile<br \/>Service S.A.V rapide et efficace<br \/>Vente d&rsquo;appareils \u00e9lectrom\u00e9nagers toutes marques d&rsquo;occasions \u00e0 des prix tr\u00e8s int\u00e9ressants.<br \/>Service de livraison avec enl\u00e8vement de l&rsquo;ancien appareil,<br \/>dans l\u2019esp\u00e9rance de r\u00e9pondre \u00e0 vos demandes g\u00e9n\u00e9rales et vos besoins.<\/p><p style=\"text-align: center;\">Situ\u00e9e au 5 impasse des Cact\u00e9es, \u00e0 Ch\u00e2teauneuf-les-Martigues.<\/p><p style=\"text-align: center;\">C&rsquo;est avec plaisir que vous serez accueillis dans notre atelier.<\/p>\t\t\t\t\t<\/div>\n\t\t\t\t\t\t<\/div>\n\t\t\t\t<\/div>\n\t\t\t\t\t\t<\/div>\n\t\t\t\t\t<\/div>\n\t\t<\/div>\n\t\t\t\t\t\t\t\t<\/div>\n\t\t\t\t\t<\/div>\n\t\t<\/section>\n\t\t\t\t\t\t<\/div>\n\t\t\t\t\t\t<\/div>\n\t\t\t\t\t<\/div>\n\t\t","protected":false},"excerpt":{"rendered":"<p>ELECTRO SEB\u200b N\u00b0Immatriculation \u00e0 la chambre des m\u00e9tiers: 791664618RM130 Avec la soci\u00e9t\u00e9 ELECTRO SEB, vous b\u00e9n\u00e9ficierez d&rsquo;un technicien qualifi\u00e9 et sp\u00e9cialis\u00e9 depuis 2013, dans le domaine de la r\u00e9paration d&rsquo;appareils \u00e9lectrom\u00e9nagers (lave-linge frontal, lave-linge top, s\u00e8che-linge \u00e9vacuation, s\u00e8che-linge \u00e0 condensation, lave-vaisselle, four encastrable, r\u00e9frig\u00e9rateur, r\u00e9frig\u00e9rateur am\u00e9ricain, plaques de cuissons &#8230;), de toutes marques (LG, SAMSUNG, &hellip;<\/p>\n<p class=\"read-more\"> <a class=\"\" href=\"https:\/\/electro-seb.fr\/index.php\/a-propos\/\"> <span class=\"screen-reader-text\">A propos<\/span> Lire la suite\u00a0\u00bb<\/a><\/p>\n","protected":false},"author":1,"featured_media":0,"parent":0,"menu_order":0,"comment_status":"closed","ping_status":"closed","template":"","meta":{"sfsi_plus_gutenberg_text_before_share":"","sfsi_plus_gutenberg_show_text_before_share":"","sfsi_plus_gutenberg_icon_type":"","sfsi_plus_gutenberg_icon_alignemt":"","sfsi_plus_gutenburg_max_per_row":"","site-sidebar-layout":"no-sidebar","site-content-layout":"page-builder","ast-main-header-display":"","ast-hfb-above-header-display":"","ast-hfb-below-header-display":"","ast-hfb-mobile-header-display":"","site-post-title":"disabled","ast-breadcrumbs-content":"","ast-featured-img":"disabled","footer-sml-layout":"","theme-transparent-header-meta":"default","adv-header-id-meta":"","stick-header-meta":"","header-above-stick-meta":"","header-main-stick-meta":"","header-below-stick-meta":"","footnotes":""},"class_list":["post-521","page","type-page","status-publish","hentry"],"yoast_head":"<!-- This site is optimized with the Yoast SEO plugin v24.9 - https:\/\/yoast.com\/wordpress\/plugins\/seo\/ -->\n<title>A propos - Electro SEB<\/title>\n<meta name=\"robots\" content=\"index, follow, max-snippet:-1, max-image-preview:large, max-video-preview:-1\" \/>\n<link rel=\"canonical\" href=\"https:\/\/electro-seb.fr\/index.php\/a-propos\/\" \/>\n<meta property=\"og:locale\" content=\"fr_FR\" \/>\n<meta property=\"og:type\" content=\"article\" \/>\n<meta property=\"og:title\" content=\"A propos - Electro SEB\" \/>\n<meta property=\"og:description\" content=\"ELECTRO SEB\u200b N\u00b0Immatriculation \u00e0 la chambre des m\u00e9tiers: 791664618RM130 Avec la soci\u00e9t\u00e9 ELECTRO SEB, vous b\u00e9n\u00e9ficierez d&rsquo;un technicien qualifi\u00e9 et sp\u00e9cialis\u00e9 depuis 2013, dans le domaine de la r\u00e9paration d&rsquo;appareils \u00e9lectrom\u00e9nagers (lave-linge frontal, lave-linge top, s\u00e8che-linge \u00e9vacuation, s\u00e8che-linge \u00e0 condensation, lave-vaisselle, four encastrable, r\u00e9frig\u00e9rateur, r\u00e9frig\u00e9rateur am\u00e9ricain, plaques de cuissons &#8230;), de toutes marques (LG, SAMSUNG, &hellip; A propos Lire la suite\u00a0\u00bb\" \/>\n<meta property=\"og:url\" content=\"https:\/\/electro-seb.fr\/index.php\/a-propos\/\" \/>\n<meta property=\"og:site_name\" content=\"Electro SEB\" \/>\n<meta property=\"article:publisher\" content=\"https:\/\/www.facebook.com\/SebAbitbol\/\" \/>\n<meta property=\"article:modified_time\" content=\"2019-10-18T14:25:54+00:00\" \/>\n<meta name=\"twitter:card\" content=\"summary_large_image\" \/>\n<meta name=\"twitter:label1\" content=\"Dur\u00e9e de lecture estim\u00e9e\" \/>\n\t<meta name=\"twitter:data1\" content=\"1 minute\" \/>\n<script type=\"application\/ld+json\" class=\"yoast-schema-graph\">{\"@context\":\"https:\/\/schema.org\",\"@graph\":[{\"@type\":\"WebPage\",\"@id\":\"https:\/\/electro-seb.fr\/index.php\/a-propos\/\",\"url\":\"https:\/\/electro-seb.fr\/index.php\/a-propos\/\",\"name\":\"A propos - Electro SEB\",\"isPartOf\":{\"@id\":\"https:\/\/electro-seb.fr\/#website\"},\"datePublished\":\"2019-10-03T07:42:23+00:00\",\"dateModified\":\"2019-10-18T14:25:54+00:00\",\"breadcrumb\":{\"@id\":\"https:\/\/electro-seb.fr\/index.php\/a-propos\/#breadcrumb\"},\"inLanguage\":\"fr-FR\",\"potentialAction\":[{\"@type\":\"ReadAction\",\"target\":[\"https:\/\/electro-seb.fr\/index.php\/a-propos\/\"]}]},{\"@type\":\"BreadcrumbList\",\"@id\":\"https:\/\/electro-seb.fr\/index.php\/a-propos\/#breadcrumb\",\"itemListElement\":[{\"@type\":\"ListItem\",\"position\":1,\"name\":\"Accueil\",\"item\":\"https:\/\/electro-seb.fr\/\"},{\"@type\":\"ListItem\",\"position\":2,\"name\":\"A propos\"}]},{\"@type\":\"WebSite\",\"@id\":\"https:\/\/electro-seb.fr\/#website\",\"url\":\"https:\/\/electro-seb.fr\/\",\"name\":\"Electro SEB\",\"description\":\"Un site cr\u00e9er par S\u00e9bastien Abitbol\",\"publisher\":{\"@id\":\"https:\/\/electro-seb.fr\/#organization\"},\"potentialAction\":[{\"@type\":\"SearchAction\",\"target\":{\"@type\":\"EntryPoint\",\"urlTemplate\":\"https:\/\/electro-seb.fr\/?s={search_term_string}\"},\"query-input\":{\"@type\":\"PropertyValueSpecification\",\"valueRequired\":true,\"valueName\":\"search_term_string\"}}],\"inLanguage\":\"fr-FR\"},{\"@type\":\"Organization\",\"@id\":\"https:\/\/electro-seb.fr\/#organization\",\"name\":\"Electro SEB\",\"url\":\"https:\/\/electro-seb.fr\/\",\"logo\":{\"@type\":\"ImageObject\",\"inLanguage\":\"fr-FR\",\"@id\":\"https:\/\/electro-seb.fr\/#\/schema\/logo\/image\/\",\"url\":\"https:\/\/electro-seb.fr\/wp-content\/uploads\/2019\/10\/cropped-ELECTRO-SEB-LOGO-MODIFIER-OK1-1.png\",\"contentUrl\":\"https:\/\/electro-seb.fr\/wp-content\/uploads\/2019\/10\/cropped-ELECTRO-SEB-LOGO-MODIFIER-OK1-1.png\",\"width\":500,\"height\":400,\"caption\":\"Electro SEB\"},\"image\":{\"@id\":\"https:\/\/electro-seb.fr\/#\/schema\/logo\/image\/\"},\"sameAs\":[\"https:\/\/www.facebook.com\/SebAbitbol\/\"]}]}<\/script>\n<!-- \/ Yoast SEO plugin. -->","yoast_head_json":{"title":"A propos - Electro SEB","robots":{"index":"index","follow":"follow","max-snippet":"max-snippet:-1","max-image-preview":"max-image-preview:large","max-video-preview":"max-video-preview:-1"},"canonical":"https:\/\/electro-seb.fr\/index.php\/a-propos\/","og_locale":"fr_FR","og_type":"article","og_title":"A propos - Electro SEB","og_description":"ELECTRO SEB\u200b N\u00b0Immatriculation \u00e0 la chambre des m\u00e9tiers: 791664618RM130 Avec la soci\u00e9t\u00e9 ELECTRO SEB, vous b\u00e9n\u00e9ficierez d&rsquo;un technicien qualifi\u00e9 et sp\u00e9cialis\u00e9 depuis 2013, dans le domaine de la r\u00e9paration d&rsquo;appareils \u00e9lectrom\u00e9nagers (lave-linge frontal, lave-linge top, s\u00e8che-linge \u00e9vacuation, s\u00e8che-linge \u00e0 condensation, lave-vaisselle, four encastrable, r\u00e9frig\u00e9rateur, r\u00e9frig\u00e9rateur am\u00e9ricain, plaques de cuissons &#8230;), de toutes marques (LG, SAMSUNG, &hellip; A propos Lire la suite\u00a0\u00bb","og_url":"https:\/\/electro-seb.fr\/index.php\/a-propos\/","og_site_name":"Electro SEB","article_publisher":"https:\/\/www.facebook.com\/SebAbitbol\/","article_modified_time":"2019-10-18T14:25:54+00:00","twitter_card":"summary_large_image","twitter_misc":{"Dur\u00e9e de lecture estim\u00e9e":"1 minute"},"schema":{"@context":"https:\/\/schema.org","@graph":[{"@type":"WebPage","@id":"https:\/\/electro-seb.fr\/index.php\/a-propos\/","url":"https:\/\/electro-seb.fr\/index.php\/a-propos\/","name":"A propos - Electro SEB","isPartOf":{"@id":"https:\/\/electro-seb.fr\/#website"},"datePublished":"2019-10-03T07:42:23+00:00","dateModified":"2019-10-18T14:25:54+00:00","breadcrumb":{"@id":"https:\/\/electro-seb.fr\/index.php\/a-propos\/#breadcrumb"},"inLanguage":"fr-FR","potentialAction":[{"@type":"ReadAction","target":["https:\/\/electro-seb.fr\/index.php\/a-propos\/"]}]},{"@type":"BreadcrumbList","@id":"https:\/\/electro-seb.fr\/index.php\/a-propos\/#breadcrumb","itemListElement":[{"@type":"ListItem","position":1,"name":"Accueil","item":"https:\/\/electro-seb.fr\/"},{"@type":"ListItem","position":2,"name":"A propos"}]},{"@type":"WebSite","@id":"https:\/\/electro-seb.fr\/#website","url":"https:\/\/electro-seb.fr\/","name":"Electro SEB","description":"Un site cr\u00e9er par S\u00e9bastien Abitbol","publisher":{"@id":"https:\/\/electro-seb.fr\/#organization"},"potentialAction":[{"@type":"SearchAction","target":{"@type":"EntryPoint","urlTemplate":"https:\/\/electro-seb.fr\/?s={search_term_string}"},"query-input":{"@type":"PropertyValueSpecification","valueRequired":true,"valueName":"search_term_string"}}],"inLanguage":"fr-FR"},{"@type":"Organization","@id":"https:\/\/electro-seb.fr\/#organization","name":"Electro SEB","url":"https:\/\/electro-seb.fr\/","logo":{"@type":"ImageObject","inLanguage":"fr-FR","@id":"https:\/\/electro-seb.fr\/#\/schema\/logo\/image\/","url":"https:\/\/electro-seb.fr\/wp-content\/uploads\/2019\/10\/cropped-ELECTRO-SEB-LOGO-MODIFIER-OK1-1.png","contentUrl":"https:\/\/electro-seb.fr\/wp-content\/uploads\/2019\/10\/cropped-ELECTRO-SEB-LOGO-MODIFIER-OK1-1.png","width":500,"height":400,"caption":"Electro SEB"},"image":{"@id":"https:\/\/electro-seb.fr\/#\/schema\/logo\/image\/"},"sameAs":["https:\/\/www.facebook.com\/SebAbitbol\/"]}]}},"uagb_featured_image_src":{"full":false,"thumbnail":false,"medium":false,"medium_large":false,"large":false,"1536x1536":false,"2048x2048":false},"uagb_author_info":{"display_name":"admin3661","author_link":"https:\/\/electro-seb.fr\/index.php\/author\/admin3661\/"},"uagb_comment_info":0,"uagb_excerpt":"ELECTRO SEB\u200b N\u00b0Immatriculation \u00e0 la chambre des m\u00e9tiers: 791664618RM130 Avec la soci\u00e9t\u00e9 ELECTRO SEB, vous b\u00e9n\u00e9ficierez d&rsquo;un technicien qualifi\u00e9 et sp\u00e9cialis\u00e9 depuis 2013, dans le domaine de la r\u00e9paration d&rsquo;appareils \u00e9lectrom\u00e9nagers (lave-linge frontal, lave-linge top, s\u00e8che-linge \u00e9vacuation, s\u00e8che-linge \u00e0 condensation, lave-vaisselle, four encastrable, r\u00e9frig\u00e9rateur, r\u00e9frig\u00e9rateur am\u00e9ricain, plaques de cuissons &#8230;), de toutes marques (LG, SAMSUNG,\u2026","_links":{"self":[{"href":"https:\/\/electro-seb.fr\/index.php\/wp-json\/wp\/v2\/pages\/521","targetHints":{"allow":["GET"]}}],"collection":[{"href":"https:\/\/electro-seb.fr\/index.php\/wp-json\/wp\/v2\/pages"}],"about":[{"href":"https:\/\/electro-seb.fr\/index.php\/wp-json\/wp\/v2\/types\/page"}],"author":[{"embeddable":true,"href":"https:\/\/electro-seb.fr\/index.php\/wp-json\/wp\/v2\/users\/1"}],"replies":[{"embeddable":true,"href":"https:\/\/electro-seb.fr\/index.php\/wp-json\/wp\/v2\/comments?post=521"}],"version-history":[{"count":26,"href":"https:\/\/electro-seb.fr\/index.php\/wp-json\/wp\/v2\/pages\/521\/revisions"}],"predecessor-version":[{"id":1525,"href":"https:\/\/electro-seb.fr\/index.php\/wp-json\/wp\/v2\/pages\/521\/revisions\/1525"}],"wp:attachment":[{"href":"https:\/\/electro-seb.fr\/index.php\/wp-json\/wp\/v2\/media?parent=521"}],"curies":[{"name":"wp","href":"https:\/\/api.w.org\/{rel}","templated":true}]}}